{"id":18,"date":"2026-04-07T04:35:20","date_gmt":"2026-04-07T04:35:20","guid":{"rendered":"https:\/\/www.biblioteconomiaeducativa.com.br\/cibe2026\/?page_id=18"},"modified":"2026-04-21T00:13:45","modified_gmt":"2026-04-21T00:13:45","slug":"organizacao","status":"publish","type":"page","link":"https:\/\/www.biblioteconomiaeducativa.com.br\/cibe2026\/organizacao\/","title":{"rendered":"Organiza\u00e7\u00e3o"},"content":{"rendered":"\n<div class=\"wp-block-columns is-layout-flex wp-container-core-columns-is-layout-9d6595d7 wp-block-columns-is-layout-flex\">\n<div class=\"wp-block-column is-layout-flow wp-block-column-is-layout-flow\">\n<p class=\"has-vivid-red-color has-text-color has-link-color has-medium-font-size wp-elements-02f3e7095fcee37caf5816d8efef92fa\">Coodena\u00e7\u00e3o geral<\/p>\n\n\n\n<p>Prof. Dr. Edmir Perrotti e Profa. Dra. Ivete Pieruccini (GPEB\/CBD\/ECA\/USP)<\/p>\n\n\n\n<p><mark style=\"background-color:rgba(0, 0, 0, 0)\" class=\"has-inline-color has-vivid-red-color\">Comit\u00ea cient\u00edfico<br><\/mark>Profa. Dra. Amanda leal de Oliveira (GPEB\/USP)<br>Profa. Dra. Andreina Alves de Sousa Os\u00f3rio (UESPI)<br>Profa. Dra. Carmem L\u00facia Batista (GPEB\/USP)<br>Prof. Dr. Cl\u00e1udio Marcondes de Castro Filho (USP-RP\/UNESP-Mar\u00edlia)<br>Prof. Dr. Edmir Perrotti (USP)<br>Profa. Dra. Eliane Lourdes da Silva Moro (UFRGS)<br>Profa. Dra. Gabrielle Francinne de Souza Carvalho Tanus (UFRN)<br>Profa. Dra. Gisela Eggert-Steindel (UDESC)<br>Profa. Dra. Ivete Pieruccini (USP)<br>Prof. Dr. Jonathas Luiz Carvalho Silva (UFC)<br>Profa. Dra. Jussara Santos Pimenta (UNIR)<br>Profa. Dra. Leoneide Maria Brito Martins (UFMA)<br>Dra. Lilian Viana (GPEB\/USP)<br>Profa. Dra. Maria das Gra\u00e7as Monteiro Castro (UFGO)<br>Profa. Dra. Mar\u00edlia de Abreu Martins de Paiva (UFMG)<br>Prof. Dr. Pedro Ivo Silveira Andretta (UNIR)<br>Prof. Dr. Rovilson Jos\u00e9 da Silva (UEL)<br>Profa. Dra. Simone Borges Paiva Okuzono (UNIRIO)<br>Profa. Dra. Sueli Bortolin (UEL)<\/p>\n\n\n\n<p class=\"has-vivid-red-color has-text-color has-link-color has-medium-font-size wp-elements-3a579b60795da30720863bc0f4224465\">Conselho consultivo<\/p>\n\n\n\n<p>Profa. Dra. Henriette Ferreira Gomes (UFBA)<br>Profa. Dra. Manuela Barreto Nunes (Univ. Coimbra-Portugal)<br>Prof. Dr. Max Bernard Butlen (CY Cergy Paris Universit\u00e9 &#8211; Fran\u00e7a)<br>Prof. Dr. Oswaldo Francisco de Almeida J\u00fanior (UNESP-Mar\u00edlia)<\/p>\n\n\n\n<p class=\"has-vivid-red-color has-text-color has-link-color has-medium-font-size wp-elements-d98cd4d4bdc26eeb685de0c12e94c3b3\">Comiss\u00e3o executiva <\/p>\n\n\n\n<p>Coordena\u00e7\u00e3o geral (GPEB\/CBD\/ECA\/USP)<br>Prof. Dr. Edmir Perrotti e Profa. Dra. Ivete Pieruccini <\/p>\n\n\n\n<p>Membros (GPEB\/CBD\/ECA\/USP)<br>Profa. Dra. Andreina Alves de Sousa Os\u00f3rio<br>Profa. Dra. Carmem L\u00facia Batista<br>Mestre Fernanda de Lima Passamai Perez<br>Mestranda Juliana Mendes Santiago<br>Mestre Marcus Rei de Lima Alves<br>Prof. Dr. Pedro Ivo Silveira Andretta<\/p>\n\n\n\n<div class=\"wp-block-group is-vertical is-layout-flex wp-container-core-group-is-layout-8cf370e7 wp-block-group-is-layout-flex\">\n<p>Coordena\u00e7\u00f5es locais<\/p>\n\n\n\n<p>FESPSP &#8211; Profa. Dra. Adriana Maria de Souza<br>CPF SESCSP &#8211; Dra. Andr\u00e9a de Ara\u00fajo Nogueira e Dr. Maur\u00edcio Trindade da Silva<br>UFMG &#8211; Profa. Dra. Mar\u00edlia de Abreu Martins de Paiva<br>UFRN &#8211; Profa. Dra. Gabrielle Francinne de S. C. Tanus<br>UNIRIO &#8211; Profa. Dra. Simone Borges Paiva Okuzono<br>UNIR &#8211; Profa. Dra. Jussara Santos Pimenta e Prof. Dr. Pedro Ivo Silveira Andretta<br><\/p>\n<\/div>\n\n\n\n<p class=\"has-vivid-red-color has-text-color has-link-color wp-elements-c9365267f914bd71ea50e5e539e3962b\"><\/p>\n\n\n\n<p class=\"has-vivid-red-color has-text-color has-link-color wp-elements-92e25153642acda8e46fc0bb159abf96\"><br><br><\/p>\n<\/div>\n\n\n\n<div class=\"wp-block-column is-layout-flow wp-block-column-is-layout-flow\">\n<p class=\"has-vivid-red-color has-text-color has-link-color has-medium-font-size wp-elements-ae1c94e0b76770ad40efaf7d6c48f0d3\">Correaliza\u00e7\u00e3o<\/p>\n\n\n\n<p><strong>USP <\/strong>\u2013 Universidade de S\u00e3o Paulo<br>ECA \u2013 Escola de Comunica\u00e7\u00f5es e Artes \/ ECA 60 anos <br>CBD\/ECA \u2013 Departamento de Informa\u00e7\u00e3o e Cultura<br>PPGCI\/ECA \u2013 Programa de P\u00f3s-Gradua\u00e7\u00e3o em Ci\u00eancia da Informa\u00e7\u00e3o<br>BBM \u2013 Biblioteca Brasiliana Guita e Jos\u00e9 Mindlin<br><strong>FESPSP<\/strong> \u2013 Funda\u00e7\u00e3o Escola de Sociologia e Pol\u00edtica de S\u00e3o Paulo<br><strong>CPF SESCSP<\/strong> \u2013 Centro de Pesquisa e Forma\u00e7\u00e3o do Servi\u00e7o Social do Com\u00e9rcio<br><strong>UFMG <\/strong>\u2013 Universidade Federal de Minas Gerais<br><strong>UFRN<\/strong> \u2013 Universidade Federal do Rio Grande do Norte<br><strong>UNIRIO<\/strong> \u2013 Universidade Federal do Estado do Rio de Janeiro<br><strong>UNIR<\/strong> \u2013 Universidade Federal de Rond\u00f4nia<\/p>\n\n\n\n<p class=\"has-vivid-red-color has-text-color has-link-color has-medium-font-size wp-elements-7f4a04de0e980158100ffb8bdd1c8887\">Apoio<\/p>\n\n\n\n<p><strong>CRB-8<\/strong> \u2013 Conselho Regional de Biblioteconomia da 8\u00aa Regi\u00e3o<\/p>\n<\/div>\n<\/div>\n\n\n","protected":false},"excerpt":{"rendered":"<p>Coodena\u00e7\u00e3o geral Prof. Dr. Edmir Perrotti e Profa. Dra. Ivete Pieruccini (GPEB\/CBD\/ECA\/USP) Comit\u00ea cient\u00edficoProfa. Dra. Amanda leal de Oliveira (GPEB\/USP)Profa. Dra. Andreina Alves de Sousa Os\u00f3rio (UESPI)Profa. Dra. Carmem L\u00facia Batista (GPEB\/USP)Prof. Dr. Cl\u00e1udio Marcondes de Castro Filho (USP-RP\/UNESP-Mar\u00edlia)Prof. Dr. Edmir Perrotti (USP)Profa. Dra. Eliane Lourdes da Silva Moro (UFRGS)Profa. Dra. Gabrielle Francinne de Souza&#8230;<\/p>\n","protected":false},"author":2,"featured_media":0,"parent":0,"menu_order":4,"comment_status":"closed","ping_status":"closed","template":"","meta":{"footnotes":""},"class_list":["post-18","page","type-page","status-publish","hentry"],"_links":{"self":[{"href":"https:\/\/www.biblioteconomiaeducativa.com.br\/cibe2026\/wp-json\/wp\/v2\/pages\/18","targetHints":{"allow":["GET"]}}],"collection":[{"href":"https:\/\/www.biblioteconomiaeducativa.com.br\/cibe2026\/wp-json\/wp\/v2\/pages"}],"about":[{"href":"https:\/\/www.biblioteconomiaeducativa.com.br\/cibe2026\/wp-json\/wp\/v2\/types\/page"}],"author":[{"embeddable":true,"href":"https:\/\/www.biblioteconomiaeducativa.com.br\/cibe2026\/wp-json\/wp\/v2\/users\/2"}],"replies":[{"embeddable":true,"href":"https:\/\/www.biblioteconomiaeducativa.com.br\/cibe2026\/wp-json\/wp\/v2\/comments?post=18"}],"version-history":[{"count":102,"href":"https:\/\/www.biblioteconomiaeducativa.com.br\/cibe2026\/wp-json\/wp\/v2\/pages\/18\/revisions"}],"predecessor-version":[{"id":780,"href":"https:\/\/www.biblioteconomiaeducativa.com.br\/cibe2026\/wp-json\/wp\/v2\/pages\/18\/revisions\/780"}],"wp:attachment":[{"href":"https:\/\/www.biblioteconomiaeducativa.com.br\/cibe2026\/wp-json\/wp\/v2\/media?parent=18"}],"curies":[{"name":"wp","href":"https:\/\/api.w.org\/{rel}","templated":true}]}}