{"id":20,"date":"2026-04-07T04:35:37","date_gmt":"2026-04-07T04:35:37","guid":{"rendered":"https:\/\/www.biblioteconomiaeducativa.com.br\/cibe2026\/?page_id=20"},"modified":"2026-04-30T22:12:33","modified_gmt":"2026-04-30T22:12:33","slug":"inscricoes","status":"publish","type":"page","link":"https:\/\/www.biblioteconomiaeducativa.com.br\/cibe2026\/inscricoes\/","title":{"rendered":"Inscri\u00e7\u00f5es"},"content":{"rendered":"\n<p><strong>Evento gratuito<\/strong><\/p>\n\n\n\n<p><strong>Inicio em 28 de abril<\/strong><\/p>\n\n\n\n<p>I- Abertura do CIBE26<br>Formul\u00e1rio de inscri\u00e7\u00f5es: <a href=\"https:\/\/forms.gle\/eAUVdnxbH2SJ4CV56\">https:\/\/forms.gle\/eAUVdnxbH2SJ4CV56<\/a><\/p>\n\n\n\n<p>II- Simp\u00f3sio Internacional de Pesquisa em Biblioteconomia Educativa<br>Formul\u00e1rio de inscri\u00e7\u00f5es: <a href=\"https:\/\/forms.gle\/eAUVdnxbH2SJ4CV56\">https:\/\/forms.gle\/eAUVdnxbH2SJ4CV56<\/a><\/p>\n\n\n\n<p>III \u2013 F\u00f3rum Internacional de Biblioteconomia Educativa<\/p>\n\n\n\n<p>Sess\u00e3o USP \/ FESPSP \/ CPF SESCSP<br>Formul\u00e1rio de inscri\u00e7\u00f5es: <br><a href=\"https:\/\/forms.gle\/eAUVdnxbH2SJ4CV56\">https:\/\/forms.gle\/eAUVdnxbH2SJ4CV56<\/a><br><a href=\"https:\/\/fespsp.apprbs.com.br\/evento-inscricao\">https:\/\/fespsp.apprbs.com.br\/evento-inscricao<\/a><br><a href=\"https:\/\/centrodepesquisaeformacao.sescsp.org.br\/atividade\/forum-internacional-de-biblioteconomia-educativa\">https:\/\/centrodepesquisaeformacao.sescsp.org.br\/atividade\/forum-internacional-de-biblioteconomia-educativa<\/a><\/p>\n\n\n\n<p>Sess\u00e3o UFMG<br>Formul\u00e1rio de inscri\u00e7\u00f5es: <a href=\"https:\/\/tinyurl.com\/mu2weu6a\">https:\/\/tinyurl.com\/mu2weu6a <\/a><\/p>\n\n\n\n<p>Sess\u00e3o UFRN<br>Formul\u00e1rio de inscri\u00e7\u00f5es: <a href=\"https:\/\/sigaa.ufrn.br\/sigaa\/public\/extensao\/paginaListaPeriodosInscricoesAtividadesPublico.jsf?aba=p-extensao\">https:\/\/sigaa.ufrn.br\/sigaa\/public\/extensao\/paginaListaPeriodosInscricoesAtividadesPublico.jsf?aba=p-extensao <\/a><\/p>\n\n\n\n<p>Sess\u00e3o UNIRIO-UNIR<br>Formul\u00e1rio de inscri\u00e7\u00f5es: <a href=\"https:\/\/sigaa.unir.br\/sigaa\/public\/extensao\/paginaListaPeriodosInscricoesAtividadesPublico.jsf?aba=p-extensao\">https:\/\/sigaa.unir.br\/sigaa\/public\/extensao\/paginaListaPeriodosInscricoesAtividadesPublico.jsf?aba=p-extensao <\/a><\/p>\n\n\n\n<p><\/p>\n\n\n\n<p><\/p>\n","protected":false},"excerpt":{"rendered":"<p>Evento gratuito Inicio em 28 de abril I- Abertura do CIBE26Formul\u00e1rio de inscri\u00e7\u00f5es: https:\/\/forms.gle\/eAUVdnxbH2SJ4CV56 II- Simp\u00f3sio Internacional de Pesquisa em Biblioteconomia EducativaFormul\u00e1rio de inscri\u00e7\u00f5es: https:\/\/forms.gle\/eAUVdnxbH2SJ4CV56 III \u2013 F\u00f3rum Internacional de Biblioteconomia Educativa Sess\u00e3o USP \/ FESPSP \/ CPF SESCSPFormul\u00e1rio de inscri\u00e7\u00f5es: https:\/\/forms.gle\/eAUVdnxbH2SJ4CV56https:\/\/fespsp.apprbs.com.br\/evento-inscricaohttps:\/\/centrodepesquisaeformacao.sescsp.org.br\/atividade\/forum-internacional-de-biblioteconomia-educativa Sess\u00e3o UFMGFormul\u00e1rio de inscri\u00e7\u00f5es: https:\/\/tinyurl.com\/mu2weu6a Sess\u00e3o UFRNFormul\u00e1rio de inscri\u00e7\u00f5es: https:\/\/sigaa.ufrn.br\/sigaa\/public\/extensao\/paginaListaPeriodosInscricoesAtividadesPublico.jsf?aba=p-extensao Sess\u00e3o UNIRIO-UNIRFormul\u00e1rio de&#8230;<\/p>\n","protected":false},"author":2,"featured_media":0,"parent":0,"menu_order":7,"comment_status":"closed","ping_status":"closed","template":"","meta":{"footnotes":""},"class_list":["post-20","page","type-page","status-publish","hentry"],"_links":{"self":[{"href":"https:\/\/www.biblioteconomiaeducativa.com.br\/cibe2026\/wp-json\/wp\/v2\/pages\/20","targetHints":{"allow":["GET"]}}],"collection":[{"href":"https:\/\/www.biblioteconomiaeducativa.com.br\/cibe2026\/wp-json\/wp\/v2\/pages"}],"about":[{"href":"https:\/\/www.biblioteconomiaeducativa.com.br\/cibe2026\/wp-json\/wp\/v2\/types\/page"}],"author":[{"embeddable":true,"href":"https:\/\/www.biblioteconomiaeducativa.com.br\/cibe2026\/wp-json\/wp\/v2\/users\/2"}],"replies":[{"embeddable":true,"href":"https:\/\/www.biblioteconomiaeducativa.com.br\/cibe2026\/wp-json\/wp\/v2\/comments?post=20"}],"version-history":[{"count":10,"href":"https:\/\/www.biblioteconomiaeducativa.com.br\/cibe2026\/wp-json\/wp\/v2\/pages\/20\/revisions"}],"predecessor-version":[{"id":955,"href":"https:\/\/www.biblioteconomiaeducativa.com.br\/cibe2026\/wp-json\/wp\/v2\/pages\/20\/revisions\/955"}],"wp:attachment":[{"href":"https:\/\/www.biblioteconomiaeducativa.com.br\/cibe2026\/wp-json\/wp\/v2\/media?parent=20"}],"curies":[{"name":"wp","href":"https:\/\/api.w.org\/{rel}","templated":true}]}}